{"id":128,"date":"2022-08-31T09:51:49","date_gmt":"2022-08-31T07:51:49","guid":{"rendered":"http:\/\/sp174.waw.pl\/?page_id=128"},"modified":"2023-10-27T10:45:24","modified_gmt":"2023-10-27T08:45:24","slug":"samorzad-szkolny","status":"publish","type":"page","link":"https:\/\/sp174.waw.pl\/?page_id=128","title":{"rendered":"Samorz\u0105d szkolny"},"content":{"rendered":"\n<p class=\"has-text-align-center\"><strong>Opiekunowie<\/strong><\/p>\n\n\n\n<p class=\"has-text-align-center has-black-color has-text-color\"><strong>Iwona Falkowska<\/strong><\/p>\n\n\n\n<p class=\"has-text-align-center has-black-color has-text-color\"><strong>Magdalena Setnikowska<\/strong><\/p>\n\n\n\n<p class=\"has-text-align-center has-black-color has-text-color\"><strong>Marzena Jo\u0144ska &#8211; Majek<\/strong><\/p>\n\n\n\n<p>.<\/p>\n\n\n\n<p>. <\/p>\n\n\n\n<p class=\"has-text-align-center\"><strong>Przedstawiciele Samorz\u0105du Uczniowskiego w roku szkolnym 2023\/202<\/strong>4<\/p>\n\n\n\n<figure class=\"wp-block-table is-style-stripes\"><table class=\"has-black-color has-text-color\"><tbody><tr><td class=\"has-text-align-center\" data-align=\"center\"><strong>Przewodnicz\u0105cy<\/strong><\/td><\/tr><tr><td class=\"has-text-align-center\" data-align=\"center\">Hanna Zaj\u0105c<\/td><\/tr><tr><td class=\"has-text-align-center\" data-align=\"center\"><strong>Zast\u0119pca Przewodnicz\u0105cego<\/strong><\/td><\/tr><tr><td class=\"has-text-align-center\" data-align=\"center\">Miko\u0142aj Hordejuk<\/td><\/tr><tr><td class=\"has-text-align-center\" data-align=\"center\"><strong>Sekretarz<\/strong><\/td><\/tr><tr><td class=\"has-text-align-center\" data-align=\"center\">Julia Pietrzak<\/td><\/tr><\/tbody><\/table><\/figure>\n\n\n\n<p class=\"has-white-color has-text-color\">.<\/p>\n\n\n\n<p class=\"has-white-color has-text-color\">.<\/p>\n\n\n\n<p><strong>Dokumenty<\/strong><\/p>\n\n\n\n<div class=\"wp-block-file\"><a id=\"wp-block-file--media-516e7411-2e2c-4640-b682-eb9cbf9b264e\" href=\"https:\/\/sp174.waw.pl\/wp-content\/uploads\/2022\/10\/Regulamin-Samorzadu-Uczniowskiego.pdf\">Regulamin Samorz\u0105du Uczniowskiego<\/a><a href=\"https:\/\/sp174.waw.pl\/wp-content\/uploads\/2022\/10\/Regulamin-Samorzadu-Uczniowskiego.pdf\" class=\"wp-block-file__button wp-element-button\" download aria-describedby=\"wp-block-file--media-516e7411-2e2c-4640-b682-eb9cbf9b264e\">Pobierz<\/a><\/div>\n","protected":false},"excerpt":{"rendered":"<p>Opiekunowie Iwona Falkowska Magdalena Setnikowska Marzena Jo\u0144ska &#8211; Majek . . Przedstawiciele Samorz\u0105du Uczniowskiego w roku szkolnym 2023\/2024 Przewodnicz\u0105cy Hanna Zaj\u0105c Zast\u0119pca Przewodnicz\u0105cego Miko\u0142aj Hordejuk Sekretarz Julia Pietrzak . . Dokumenty<\/p>\n","protected":false},"author":1,"featured_media":0,"parent":0,"menu_order":0,"comment_status":"closed","ping_status":"closed","template":"","meta":{"footnotes":""},"class_list":["post-128","page","type-page","status-publish","hentry"],"_links":{"self":[{"href":"https:\/\/sp174.waw.pl\/index.php?rest_route=\/wp\/v2\/pages\/128","targetHints":{"allow":["GET"]}}],"collection":[{"href":"https:\/\/sp174.waw.pl\/index.php?rest_route=\/wp\/v2\/pages"}],"about":[{"href":"https:\/\/sp174.waw.pl\/index.php?rest_route=\/wp\/v2\/types\/page"}],"author":[{"embeddable":true,"href":"https:\/\/sp174.waw.pl\/index.php?rest_route=\/wp\/v2\/users\/1"}],"replies":[{"embeddable":true,"href":"https:\/\/sp174.waw.pl\/index.php?rest_route=%2Fwp%2Fv2%2Fcomments&post=128"}],"version-history":[{"count":6,"href":"https:\/\/sp174.waw.pl\/index.php?rest_route=\/wp\/v2\/pages\/128\/revisions"}],"predecessor-version":[{"id":2529,"href":"https:\/\/sp174.waw.pl\/index.php?rest_route=\/wp\/v2\/pages\/128\/revisions\/2529"}],"wp:attachment":[{"href":"https:\/\/sp174.waw.pl\/index.php?rest_route=%2Fwp%2Fv2%2Fmedia&parent=128"}],"curies":[{"name":"wp","href":"https:\/\/api.w.org\/{rel}","templated":true}]}}